{"id":20992,"date":"2022-03-31T16:52:55","date_gmt":"2022-03-31T14:52:55","guid":{"rendered":"https:\/\/www2.palaisannecy.com\/blog\/"},"modified":"2024-03-01T10:07:00","modified_gmt":"2024-03-01T09:07:00","slug":"blog","status":"publish","type":"page","link":"https:\/\/www2.palaisannecy.com\/it\/blog\/","title":{"rendered":"Blog"},"content":{"rendered":"\t\t<div data-elementor-type=\"wp-page\" data-elementor-id=\"20992\" class=\"elementor elementor-20992 elementor-10840\" data-elementor-post-type=\"page\">\n\t\t\t\t\t\t<section data-dce-background-overlay-color=\"#000000\" data-dce-background-image-url=\"https:\/\/www2.palaisannecy.com\/wp-content\/uploads\/banners\/isle_annecy_45_premium_2_min-1679x500-1.jpg\" class=\"elementor-section elementor-top-section elementor-element elementor-element-c498262 elementor-section-height-min-height elementor-section-boxed elementor-section-height-default elementor-section-items-middle\" data-id=\"c498262\" data-element_type=\"section\" data-settings=\"{&quot;background_background&quot;:&quot;classic&quot;}\">\n\t\t\t\t\t\t\t<div class=\" elementor-background-overlay lazyelementorbackgroundimages \"><\/div>\n\t\t\t\t\t\t\t<div class=\"elementor-container elementor-column-gap-default\">\n\t\t\t\t\t<div class=\"elementor-column elementor-col-100 elementor-top-column elementor-element elementor-element-2b1f21a\" data-id=\"2b1f21a\" data-element_type=\"column\">\n\t\t\t<div class=\"elementor-widget-wrap elementor-element-populated\">\n\t\t\t\t\t\t<div class=\"elementor-element elementor-element-55fc9b7 elementor-widget elementor-widget-heading\" data-id=\"55fc9b7\" data-element_type=\"widget\" data-widget_type=\"heading.default\">\n\t\t\t\t<div class=\"elementor-widget-container\">\n\t\t\t<style>\/*! elementor - v3.21.0 - 18-04-2024 *\/\n.elementor-heading-title{padding:0;margin:0;line-height:1}.elementor-widget-heading .elementor-heading-title[class*=elementor-size-]>a{color:inherit;font-size:inherit;line-height:inherit}.elementor-widget-heading .elementor-heading-title.elementor-size-small{font-size:15px}.elementor-widget-heading .elementor-heading-title.elementor-size-medium{font-size:19px}.elementor-widget-heading .elementor-heading-title.elementor-size-large{font-size:29px}.elementor-widget-heading .elementor-heading-title.elementor-size-xl{font-size:39px}.elementor-widget-heading .elementor-heading-title.elementor-size-xxl{font-size:59px}<\/style><h1 class=\"elementor-heading-title elementor-size-default\">Blog<\/h1>\t\t<\/div>\n\t\t\t\t<\/div>\n\t\t\t\t\t<\/div>\n\t\t<\/div>\n\t\t\t\t\t<\/div>\n\t\t<\/section>\n\t\t\t\t<section class=\"elementor-section elementor-top-section elementor-element elementor-element-532ddb7 elementor-section-boxed elementor-section-height-default elementor-section-height-default\" data-id=\"532ddb7\" data-element_type=\"section\">\n\t\t\t\t\t\t<div class=\"elementor-container elementor-column-gap-default\">\n\t\t\t\t\t<div class=\"elementor-column elementor-col-100 elementor-top-column elementor-element elementor-element-8281455\" data-id=\"8281455\" data-element_type=\"column\">\n\t\t\t<div class=\"elementor-widget-wrap elementor-element-populated\">\n\t\t\t\t\t\t<div class=\"elementor-element elementor-element-6ff70db elementor-grid-2 elementor-posts--thumbnail-top elementor-grid-tablet-2 elementor-grid-mobile-1 elementor-widget elementor-widget-posts\" data-id=\"6ff70db\" data-element_type=\"widget\" data-settings=\"{&quot;custom_columns&quot;:&quot;2&quot;,&quot;custom_columns_tablet&quot;:&quot;2&quot;,&quot;custom_columns_mobile&quot;:&quot;1&quot;,&quot;custom_row_gap&quot;:{&quot;unit&quot;:&quot;px&quot;,&quot;size&quot;:35,&quot;sizes&quot;:[]},&quot;custom_row_gap_tablet&quot;:{&quot;unit&quot;:&quot;px&quot;,&quot;size&quot;:&quot;&quot;,&quot;sizes&quot;:[]},&quot;custom_row_gap_mobile&quot;:{&quot;unit&quot;:&quot;px&quot;,&quot;size&quot;:&quot;&quot;,&quot;sizes&quot;:[]}}\" data-widget_type=\"posts.custom\">\n\t\t\t\t<div class=\"elementor-widget-container\">\n\t\t\t<link rel=\"stylesheet\" href=\"https:\/\/www2.palaisannecy.com\/wp-content\/plugins\/elementor-pro\/assets\/css\/widget-posts.min.css\">      <div class=\"ecs-posts elementor-posts-container elementor-posts   elementor-grid elementor-posts--skin-custom\" data-settings=\"{&quot;current_page&quot;:1,&quot;max_num_pages&quot;:1,&quot;load_method&quot;:&quot;&quot;,&quot;widget_id&quot;:&quot;6ff70db&quot;,&quot;post_id&quot;:20992,&quot;theme_id&quot;:20992,&quot;change_url&quot;:false,&quot;reinit_js&quot;:false}\">\n      \t\t<article id=\"post-20506\" class=\"elementor-post elementor-grid-item ecs-post-loop post-20506 post type-post status-publish format-standard has-post-thumbnail hentry category-blog-it\">\n\t\t\t\t<div data-elementor-type=\"loop\" data-elementor-id=\"21033\" class=\"elementor elementor-21033 elementor-11270 post-20506 post type-post status-publish format-standard has-post-thumbnail hentry category-blog-it\" data-elementor-post-type=\"elementor_library\">\n\t\t\t\t\t<section class=\"elementor-section elementor-top-section elementor-element elementor-element-cf47c80 elementor-section-boxed elementor-section-height-default elementor-section-height-default\" data-id=\"cf47c80\" data-element_type=\"section\">\n\t\t\t\t\t\t<div class=\"elementor-container elementor-column-gap-default\">\n\t\t\t\t\t<div class=\"elementor-column elementor-col-100 elementor-top-column elementor-element elementor-element-5180287\" data-id=\"5180287\" data-element_type=\"column\">\n\t\t\t<div class=\"elementor-widget-wrap elementor-element-populated\">\n\t\t\t\t\t\t<div class=\"elementor-element elementor-element-fdf392f elementor-widget elementor-widget-image\" data-id=\"fdf392f\" data-element_type=\"widget\" data-widget_type=\"image.default\">\n\t\t\t\t<div class=\"elementor-widget-container\">\n\t\t\t<style>\/*! elementor - v3.21.0 - 18-04-2024 *\/\n.elementor-widget-image{text-align:center}.elementor-widget-image a{display:inline-block}.elementor-widget-image a img[src$=\".svg\"]{width:48px}.elementor-widget-image img{vertical-align:middle;display:inline-block}<\/style>\t\t\t\t\t\t\t\t\t\t\t<a href=\"https:\/\/www2.palaisannecy.com\/it\/top-10-attivita-da-fare-a-annecy\/\">\n\t\t\t\t\t\t\t<img fetchpriority=\"high\" decoding=\"async\" width=\"750\" height=\"450\" src=\"https:\/\/www2.palaisannecy.com\/wp-content\/uploads\/blog\/top-10-des-activites-a-faire-a-annecy.jpg\" class=\"attachment-full size-full wp-image-18016\" alt=\"Top 10 des activit\u00e9s \u00e0 faire \u00e0 Annecy\" srcset=\"https:\/\/www2.palaisannecy.com\/wp-content\/uploads\/blog\/top-10-des-activites-a-faire-a-annecy.jpg 750w, https:\/\/www2.palaisannecy.com\/wp-content\/uploads\/blog\/top-10-des-activites-a-faire-a-annecy-300x180.jpg 300w\" sizes=\"(max-width: 750px) 100vw, 750px\" \/>\t\t\t\t\t\t\t\t<\/a>\n\t\t\t\t\t\t\t\t\t\t\t\t\t<\/div>\n\t\t\t\t<\/div>\n\t\t\t\t<div class=\"elementor-element elementor-element-30d370f elementor-widget elementor-widget-heading\" data-id=\"30d370f\" data-element_type=\"widget\" data-widget_type=\"heading.default\">\n\t\t\t\t<div class=\"elementor-widget-container\">\n\t\t\t<h3 class=\"elementor-heading-title elementor-size-default\"><a href=\"https:\/\/www2.palaisannecy.com\/it\/top-10-attivita-da-fare-a-annecy\/\">Top 10 attivit\u00e0 da fare a Annecy<\/a><\/h3>\t\t<\/div>\n\t\t\t\t<\/div>\n\t\t\t\t<div class=\"elementor-element elementor-element-ccf822f elementor-widget elementor-widget-text-editor\" data-id=\"ccf822f\" data-element_type=\"widget\" data-widget_type=\"text-editor.default\">\n\t\t\t\t<div class=\"elementor-widget-container\">\n\t\t\t<style>\/*! elementor - v3.21.0 - 18-04-2024 *\/\n.elementor-widget-text-editor.elementor-drop-cap-view-stacked .elementor-drop-cap{background-color:#69727d;color:#fff}.elementor-widget-text-editor.elementor-drop-cap-view-framed .elementor-drop-cap{color:#69727d;border:3px solid;background-color:transparent}.elementor-widget-text-editor:not(.elementor-drop-cap-view-default) .elementor-drop-cap{margin-top:8px}.elementor-widget-text-editor:not(.elementor-drop-cap-view-default) .elementor-drop-cap-letter{width:1em;height:1em}.elementor-widget-text-editor .elementor-drop-cap{float:left;text-align:center;line-height:1;font-size:50px}.elementor-widget-text-editor .elementor-drop-cap-letter{display:inline-block}<\/style>\t\t\t\tAnnecy, in un ambiente sublime tra lago e montagne, \u00e8 situata nel nord delle Alpi francesi. \u00c8 una delle pi\u00f9 belle citt\u00e0&#8230;\t\t\t\t\t\t<\/div>\n\t\t\t\t<\/div>\n\t\t\t\t<div class=\"elementor-element elementor-element-d21ced1 elementor-widget elementor-widget-button\" data-id=\"d21ced1\" data-element_type=\"widget\" data-widget_type=\"button.default\">\n\t\t\t\t<div class=\"elementor-widget-container\">\n\t\t\t\t\t<div class=\"elementor-button-wrapper\">\n\t\t\t<a class=\"elementor-button elementor-button-link elementor-size-sm\" href=\"https:\/\/www2.palaisannecy.com\/it\/top-10-attivita-da-fare-a-annecy\/\">\n\t\t\t\t\t\t<span class=\"elementor-button-content-wrapper\">\n\t\t\t\t\t\t<span class=\"elementor-button-icon elementor-align-icon-right\">\n\t\t\t\t<i aria-hidden=\"true\" class=\"icon icon-arrow-right\"><\/i>\t\t\t<\/span>\n\t\t\t\t\t\t\t\t\t<span class=\"elementor-button-text\">Saperne di pi\u00f9<\/span>\n\t\t\t\t\t<\/span>\n\t\t\t\t\t<\/a>\n\t\t<\/div>\n\t\t\t\t<\/div>\n\t\t\t\t<\/div>\n\t\t\t\t\t<\/div>\n\t\t<\/div>\n\t\t\t\t\t<\/div>\n\t\t<\/section>\n\t\t\t\t<\/div>\n\t\t\t\t<\/article>\n\t\t\t\t<article id=\"post-21030\" class=\"elementor-post elementor-grid-item ecs-post-loop post-21030 post type-post status-publish format-standard has-post-thumbnail hentry category-blog-it\">\n\t\t\t\t<div data-elementor-type=\"loop\" data-elementor-id=\"21033\" class=\"elementor elementor-21033 elementor-11270 post-21030 post type-post status-publish format-standard has-post-thumbnail hentry category-blog-it\" data-elementor-post-type=\"elementor_library\">\n\t\t\t\t\t<section class=\"elementor-section elementor-top-section elementor-element elementor-element-cf47c80 elementor-section-boxed elementor-section-height-default elementor-section-height-default\" data-id=\"cf47c80\" data-element_type=\"section\">\n\t\t\t\t\t\t<div class=\"elementor-container elementor-column-gap-default\">\n\t\t\t\t\t<div class=\"elementor-column elementor-col-100 elementor-top-column elementor-element elementor-element-5180287\" data-id=\"5180287\" data-element_type=\"column\">\n\t\t\t<div class=\"elementor-widget-wrap elementor-element-populated\">\n\t\t\t\t\t\t<div class=\"elementor-element elementor-element-fdf392f elementor-widget elementor-widget-image\" data-id=\"fdf392f\" data-element_type=\"widget\" data-widget_type=\"image.default\">\n\t\t\t\t<div class=\"elementor-widget-container\">\n\t\t\t\t\t\t\t\t\t\t\t\t\t\t<a href=\"https:\/\/www2.palaisannecy.com\/it\/trascorrere-san-valentino-nella-venezia-delle-alpi\/\">\n\t\t\t\t\t\t\t<img decoding=\"async\" width=\"1280\" height=\"853\" src=\"https:\/\/www2.palaisannecy.com\/wp-content\/uploads\/blog\/palais-annecy-saint-valentin-min.jpg\" class=\"attachment-full size-full wp-image-18019\" alt=\"Passez la Saint-Valentin dans la Venise des Alpes\" srcset=\"https:\/\/www2.palaisannecy.com\/wp-content\/uploads\/blog\/palais-annecy-saint-valentin-min.jpg 1280w, https:\/\/www2.palaisannecy.com\/wp-content\/uploads\/blog\/palais-annecy-saint-valentin-min-300x200.jpg 300w, https:\/\/www2.palaisannecy.com\/wp-content\/uploads\/blog\/palais-annecy-saint-valentin-min-1024x682.jpg 1024w, https:\/\/www2.palaisannecy.com\/wp-content\/uploads\/blog\/palais-annecy-saint-valentin-min-768x512.jpg 768w\" sizes=\"(max-width: 1280px) 100vw, 1280px\" \/>\t\t\t\t\t\t\t\t<\/a>\n\t\t\t\t\t\t\t\t\t\t\t\t\t<\/div>\n\t\t\t\t<\/div>\n\t\t\t\t<div class=\"elementor-element elementor-element-30d370f elementor-widget elementor-widget-heading\" data-id=\"30d370f\" data-element_type=\"widget\" data-widget_type=\"heading.default\">\n\t\t\t\t<div class=\"elementor-widget-container\">\n\t\t\t<h3 class=\"elementor-heading-title elementor-size-default\"><a href=\"https:\/\/www2.palaisannecy.com\/it\/trascorrere-san-valentino-nella-venezia-delle-alpi\/\">Trascorrere San Valentino nella Venezia delle Alpi<\/a><\/h3>\t\t<\/div>\n\t\t\t\t<\/div>\n\t\t\t\t<div class=\"elementor-element elementor-element-ccf822f elementor-widget elementor-widget-text-editor\" data-id=\"ccf822f\" data-element_type=\"widget\" data-widget_type=\"text-editor.default\">\n\t\t\t\t<div class=\"elementor-widget-container\">\n\t\t\t\t\t\t\tConsiderata una citt\u00e0 romantica sul modello di Venezia, Annecy \u00e8 nota per i suoi ponti e canali&#8230;.\t\t\t\t\t\t<\/div>\n\t\t\t\t<\/div>\n\t\t\t\t<div class=\"elementor-element elementor-element-d21ced1 elementor-widget elementor-widget-button\" data-id=\"d21ced1\" data-element_type=\"widget\" data-widget_type=\"button.default\">\n\t\t\t\t<div class=\"elementor-widget-container\">\n\t\t\t\t\t<div class=\"elementor-button-wrapper\">\n\t\t\t<a class=\"elementor-button elementor-button-link elementor-size-sm\" href=\"https:\/\/www2.palaisannecy.com\/it\/trascorrere-san-valentino-nella-venezia-delle-alpi\/\">\n\t\t\t\t\t\t<span class=\"elementor-button-content-wrapper\">\n\t\t\t\t\t\t<span class=\"elementor-button-icon elementor-align-icon-right\">\n\t\t\t\t<i aria-hidden=\"true\" class=\"icon icon-arrow-right\"><\/i>\t\t\t<\/span>\n\t\t\t\t\t\t\t\t\t<span class=\"elementor-button-text\">Saperne di pi\u00f9<\/span>\n\t\t\t\t\t<\/span>\n\t\t\t\t\t<\/a>\n\t\t<\/div>\n\t\t\t\t<\/div>\n\t\t\t\t<\/div>\n\t\t\t\t\t<\/div>\n\t\t<\/div>\n\t\t\t\t\t<\/div>\n\t\t<\/section>\n\t\t\t\t<\/div>\n\t\t\t\t<\/article>\n\t\t\t\t<article id=\"post-21027\" class=\"elementor-post elementor-grid-item ecs-post-loop post-21027 post type-post status-publish format-standard has-post-thumbnail hentry category-blog-it\">\n\t\t\t\t<div data-elementor-type=\"loop\" data-elementor-id=\"21033\" class=\"elementor elementor-21033 elementor-11270 post-21027 post type-post status-publish format-standard has-post-thumbnail hentry category-blog-it\" data-elementor-post-type=\"elementor_library\">\n\t\t\t\t\t<section class=\"elementor-section elementor-top-section elementor-element elementor-element-cf47c80 elementor-section-boxed elementor-section-height-default elementor-section-height-default\" data-id=\"cf47c80\" data-element_type=\"section\">\n\t\t\t\t\t\t<div class=\"elementor-container elementor-column-gap-default\">\n\t\t\t\t\t<div class=\"elementor-column elementor-col-100 elementor-top-column elementor-element elementor-element-5180287\" data-id=\"5180287\" data-element_type=\"column\">\n\t\t\t<div class=\"elementor-widget-wrap elementor-element-populated\">\n\t\t\t\t\t\t<div class=\"elementor-element elementor-element-fdf392f elementor-widget elementor-widget-image\" data-id=\"fdf392f\" data-element_type=\"widget\" data-widget_type=\"image.default\">\n\t\t\t\t<div class=\"elementor-widget-container\">\n\t\t\t\t\t\t\t\t\t\t\t\t\t\t<a href=\"https:\/\/www2.palaisannecy.com\/it\/viaggio-nei-corridoi-del-tempo-nel-centro-storico-di-annecy\/\">\n\t\t\t\t\t\t\t<img decoding=\"async\" width=\"1000\" height=\"667\" src=\"https:\/\/www2.palaisannecy.com\/wp-content\/uploads\/blog\/palais-de-l-isle-annecy.jpg\" class=\"attachment-full size-full wp-image-18022\" alt=\"Voyagez dans les couloirs du temps dans la vieille ville d\u2019Annecy\" srcset=\"https:\/\/www2.palaisannecy.com\/wp-content\/uploads\/blog\/palais-de-l-isle-annecy.jpg 1000w, https:\/\/www2.palaisannecy.com\/wp-content\/uploads\/blog\/palais-de-l-isle-annecy-300x200.jpg 300w, https:\/\/www2.palaisannecy.com\/wp-content\/uploads\/blog\/palais-de-l-isle-annecy-768x512.jpg 768w\" sizes=\"(max-width: 1000px) 100vw, 1000px\" \/>\t\t\t\t\t\t\t\t<\/a>\n\t\t\t\t\t\t\t\t\t\t\t\t\t<\/div>\n\t\t\t\t<\/div>\n\t\t\t\t<div class=\"elementor-element elementor-element-30d370f elementor-widget elementor-widget-heading\" data-id=\"30d370f\" data-element_type=\"widget\" data-widget_type=\"heading.default\">\n\t\t\t\t<div class=\"elementor-widget-container\">\n\t\t\t<h3 class=\"elementor-heading-title elementor-size-default\"><a href=\"https:\/\/www2.palaisannecy.com\/it\/viaggio-nei-corridoi-del-tempo-nel-centro-storico-di-annecy\/\">Viaggio nei corridoi del tempo nel centro storico di Annecy<\/a><\/h3>\t\t<\/div>\n\t\t\t\t<\/div>\n\t\t\t\t<div class=\"elementor-element elementor-element-ccf822f elementor-widget elementor-widget-text-editor\" data-id=\"ccf822f\" data-element_type=\"widget\" data-widget_type=\"text-editor.default\">\n\t\t\t\t<div class=\"elementor-widget-container\">\n\t\t\t\t\t\t\tCon il suo cuore medievale, Annecy attira i visitatori appassionati di storia. La prenotazione di un hotel ad Annecy vieille ville rappresenta&#8230;\t\t\t\t\t\t<\/div>\n\t\t\t\t<\/div>\n\t\t\t\t<div class=\"elementor-element elementor-element-d21ced1 elementor-widget elementor-widget-button\" data-id=\"d21ced1\" data-element_type=\"widget\" data-widget_type=\"button.default\">\n\t\t\t\t<div class=\"elementor-widget-container\">\n\t\t\t\t\t<div class=\"elementor-button-wrapper\">\n\t\t\t<a class=\"elementor-button elementor-button-link elementor-size-sm\" href=\"https:\/\/www2.palaisannecy.com\/it\/viaggio-nei-corridoi-del-tempo-nel-centro-storico-di-annecy\/\">\n\t\t\t\t\t\t<span class=\"elementor-button-content-wrapper\">\n\t\t\t\t\t\t<span class=\"elementor-button-icon elementor-align-icon-right\">\n\t\t\t\t<i aria-hidden=\"true\" class=\"icon icon-arrow-right\"><\/i>\t\t\t<\/span>\n\t\t\t\t\t\t\t\t\t<span class=\"elementor-button-text\">Saperne di pi\u00f9<\/span>\n\t\t\t\t\t<\/span>\n\t\t\t\t\t<\/a>\n\t\t<\/div>\n\t\t\t\t<\/div>\n\t\t\t\t<\/div>\n\t\t\t\t\t<\/div>\n\t\t<\/div>\n\t\t\t\t\t<\/div>\n\t\t<\/section>\n\t\t\t\t<\/div>\n\t\t\t\t<\/article>\n\t\t\t\t<article id=\"post-21024\" class=\"elementor-post elementor-grid-item ecs-post-loop post-21024 post type-post status-publish format-standard has-post-thumbnail hentry category-blog-it\">\n\t\t\t\t<div data-elementor-type=\"loop\" data-elementor-id=\"21033\" class=\"elementor elementor-21033 elementor-11270 post-21024 post type-post status-publish format-standard has-post-thumbnail hentry category-blog-it\" data-elementor-post-type=\"elementor_library\">\n\t\t\t\t\t<section class=\"elementor-section elementor-top-section elementor-element elementor-element-cf47c80 elementor-section-boxed elementor-section-height-default elementor-section-height-default\" data-id=\"cf47c80\" data-element_type=\"section\">\n\t\t\t\t\t\t<div class=\"elementor-container elementor-column-gap-default\">\n\t\t\t\t\t<div class=\"elementor-column elementor-col-100 elementor-top-column elementor-element elementor-element-5180287\" data-id=\"5180287\" data-element_type=\"column\">\n\t\t\t<div class=\"elementor-widget-wrap elementor-element-populated\">\n\t\t\t\t\t\t<div class=\"elementor-element elementor-element-fdf392f elementor-widget elementor-widget-image\" data-id=\"fdf392f\" data-element_type=\"widget\" data-widget_type=\"image.default\">\n\t\t\t\t<div class=\"elementor-widget-container\">\n\t\t\t\t\t\t\t\t\t\t\t\t\t\t<a href=\"https:\/\/www2.palaisannecy.com\/it\/capodanno-in-savoia-il-fascino-di-annecy\/\">\n\t\t\t\t\t\t\t<img loading=\"lazy\" decoding=\"async\" width=\"1200\" height=\"720\" src=\"https:\/\/www2.palaisannecy.com\/wp-content\/uploads\/blog\/reveillons-en-savoie-_-le-charme-de-la-ville-dannecy.jpg\" class=\"attachment-full size-full wp-image-17684\" alt=\"Le lac d\u2019Annecy \u00e0 l\u2019horizon gr\u00e2ce \u00e0 un h\u00f4tel bien situ\u00e9\" srcset=\"https:\/\/www2.palaisannecy.com\/wp-content\/uploads\/blog\/reveillons-en-savoie-_-le-charme-de-la-ville-dannecy.jpg 1200w, https:\/\/www2.palaisannecy.com\/wp-content\/uploads\/blog\/reveillons-en-savoie-_-le-charme-de-la-ville-dannecy-300x180.jpg 300w, https:\/\/www2.palaisannecy.com\/wp-content\/uploads\/blog\/reveillons-en-savoie-_-le-charme-de-la-ville-dannecy-1024x614.jpg 1024w, https:\/\/www2.palaisannecy.com\/wp-content\/uploads\/blog\/reveillons-en-savoie-_-le-charme-de-la-ville-dannecy-768x461.jpg 768w\" sizes=\"(max-width: 1200px) 100vw, 1200px\" \/>\t\t\t\t\t\t\t\t<\/a>\n\t\t\t\t\t\t\t\t\t\t\t\t\t<\/div>\n\t\t\t\t<\/div>\n\t\t\t\t<div class=\"elementor-element elementor-element-30d370f elementor-widget elementor-widget-heading\" data-id=\"30d370f\" data-element_type=\"widget\" data-widget_type=\"heading.default\">\n\t\t\t\t<div class=\"elementor-widget-container\">\n\t\t\t<h3 class=\"elementor-heading-title elementor-size-default\"><a href=\"https:\/\/www2.palaisannecy.com\/it\/capodanno-in-savoia-il-fascino-di-annecy\/\">Capodanno in Savoia: il fascino di Annecy<\/a><\/h3>\t\t<\/div>\n\t\t\t\t<\/div>\n\t\t\t\t<div class=\"elementor-element elementor-element-ccf822f elementor-widget elementor-widget-text-editor\" data-id=\"ccf822f\" data-element_type=\"widget\" data-widget_type=\"text-editor.default\">\n\t\t\t\t<div class=\"elementor-widget-container\">\n\t\t\t\t\t\t\tLa Venezia delle Alpi ha molto da offrire durante le festivit\u00e0. Se siete alla ricerca di un&#8230;\t\t\t\t\t\t<\/div>\n\t\t\t\t<\/div>\n\t\t\t\t<div class=\"elementor-element elementor-element-d21ced1 elementor-widget elementor-widget-button\" data-id=\"d21ced1\" data-element_type=\"widget\" data-widget_type=\"button.default\">\n\t\t\t\t<div class=\"elementor-widget-container\">\n\t\t\t\t\t<div class=\"elementor-button-wrapper\">\n\t\t\t<a class=\"elementor-button elementor-button-link elementor-size-sm\" href=\"https:\/\/www2.palaisannecy.com\/it\/capodanno-in-savoia-il-fascino-di-annecy\/\">\n\t\t\t\t\t\t<span class=\"elementor-button-content-wrapper\">\n\t\t\t\t\t\t<span class=\"elementor-button-icon elementor-align-icon-right\">\n\t\t\t\t<i aria-hidden=\"true\" class=\"icon icon-arrow-right\"><\/i>\t\t\t<\/span>\n\t\t\t\t\t\t\t\t\t<span class=\"elementor-button-text\">Saperne di pi\u00f9<\/span>\n\t\t\t\t\t<\/span>\n\t\t\t\t\t<\/a>\n\t\t<\/div>\n\t\t\t\t<\/div>\n\t\t\t\t<\/div>\n\t\t\t\t\t<\/div>\n\t\t<\/div>\n\t\t\t\t\t<\/div>\n\t\t<\/section>\n\t\t\t\t<\/div>\n\t\t\t\t<\/article>\n\t\t\t\t<article id=\"post-21021\" class=\"elementor-post elementor-grid-item ecs-post-loop post-21021 post type-post status-publish format-standard has-post-thumbnail hentry category-blog-it\">\n\t\t\t\t<div data-elementor-type=\"loop\" data-elementor-id=\"21033\" class=\"elementor elementor-21033 elementor-11270 post-21021 post type-post status-publish format-standard has-post-thumbnail hentry category-blog-it\" data-elementor-post-type=\"elementor_library\">\n\t\t\t\t\t<section class=\"elementor-section elementor-top-section elementor-element elementor-element-cf47c80 elementor-section-boxed elementor-section-height-default elementor-section-height-default\" data-id=\"cf47c80\" data-element_type=\"section\">\n\t\t\t\t\t\t<div class=\"elementor-container elementor-column-gap-default\">\n\t\t\t\t\t<div class=\"elementor-column elementor-col-100 elementor-top-column elementor-element elementor-element-5180287\" data-id=\"5180287\" data-element_type=\"column\">\n\t\t\t<div class=\"elementor-widget-wrap elementor-element-populated\">\n\t\t\t\t\t\t<div class=\"elementor-element elementor-element-fdf392f elementor-widget elementor-widget-image\" data-id=\"fdf392f\" data-element_type=\"widget\" data-widget_type=\"image.default\">\n\t\t\t\t<div class=\"elementor-widget-container\">\n\t\t\t\t\t\t\t\t\t\t\t\t\t\t<a href=\"https:\/\/www2.palaisannecy.com\/it\/lasciarsi-incantare-dalla-venezia-delle-alpi\/\">\n\t\t\t\t\t\t\t<img loading=\"lazy\" decoding=\"async\" width=\"2000\" height=\"1333\" src=\"https:\/\/www2.palaisannecy.com\/wp-content\/uploads\/blog\/vendome-nice-blog4.jpg\" class=\"attachment-full size-full wp-image-18025\" alt=\"Tombez sous le charme de la Venise des Alpes\" srcset=\"https:\/\/www2.palaisannecy.com\/wp-content\/uploads\/blog\/vendome-nice-blog4.jpg 2000w, https:\/\/www2.palaisannecy.com\/wp-content\/uploads\/blog\/vendome-nice-blog4-300x200.jpg 300w, https:\/\/www2.palaisannecy.com\/wp-content\/uploads\/blog\/vendome-nice-blog4-1024x682.jpg 1024w, https:\/\/www2.palaisannecy.com\/wp-content\/uploads\/blog\/vendome-nice-blog4-768x512.jpg 768w, https:\/\/www2.palaisannecy.com\/wp-content\/uploads\/blog\/vendome-nice-blog4-1536x1024.jpg 1536w\" sizes=\"(max-width: 2000px) 100vw, 2000px\" \/>\t\t\t\t\t\t\t\t<\/a>\n\t\t\t\t\t\t\t\t\t\t\t\t\t<\/div>\n\t\t\t\t<\/div>\n\t\t\t\t<div class=\"elementor-element elementor-element-30d370f elementor-widget elementor-widget-heading\" data-id=\"30d370f\" data-element_type=\"widget\" data-widget_type=\"heading.default\">\n\t\t\t\t<div class=\"elementor-widget-container\">\n\t\t\t<h3 class=\"elementor-heading-title elementor-size-default\"><a href=\"https:\/\/www2.palaisannecy.com\/it\/lasciarsi-incantare-dalla-venezia-delle-alpi\/\">Lasciarsi incantare dalla Venezia delle Alpi<\/a><\/h3>\t\t<\/div>\n\t\t\t\t<\/div>\n\t\t\t\t<div class=\"elementor-element elementor-element-ccf822f elementor-widget elementor-widget-text-editor\" data-id=\"ccf822f\" data-element_type=\"widget\" data-widget_type=\"text-editor.default\">\n\t\t\t\t<div class=\"elementor-widget-container\">\n\t\t\t\t\t\t\tA due passi dal famoso lago e dal centro storico, prenotare un boutique hotel ad Annecy significa&#8230;\t\t\t\t\t\t<\/div>\n\t\t\t\t<\/div>\n\t\t\t\t<div class=\"elementor-element elementor-element-d21ced1 elementor-widget elementor-widget-button\" data-id=\"d21ced1\" data-element_type=\"widget\" data-widget_type=\"button.default\">\n\t\t\t\t<div class=\"elementor-widget-container\">\n\t\t\t\t\t<div class=\"elementor-button-wrapper\">\n\t\t\t<a class=\"elementor-button elementor-button-link elementor-size-sm\" href=\"https:\/\/www2.palaisannecy.com\/it\/lasciarsi-incantare-dalla-venezia-delle-alpi\/\">\n\t\t\t\t\t\t<span class=\"elementor-button-content-wrapper\">\n\t\t\t\t\t\t<span class=\"elementor-button-icon elementor-align-icon-right\">\n\t\t\t\t<i aria-hidden=\"true\" class=\"icon icon-arrow-right\"><\/i>\t\t\t<\/span>\n\t\t\t\t\t\t\t\t\t<span class=\"elementor-button-text\">Saperne di pi\u00f9<\/span>\n\t\t\t\t\t<\/span>\n\t\t\t\t\t<\/a>\n\t\t<\/div>\n\t\t\t\t<\/div>\n\t\t\t\t<\/div>\n\t\t\t\t\t<\/div>\n\t\t<\/div>\n\t\t\t\t\t<\/div>\n\t\t<\/section>\n\t\t\t\t<\/div>\n\t\t\t\t<\/article>\n\t\t\t\t<article id=\"post-21018\" class=\"elementor-post elementor-grid-item ecs-post-loop post-21018 post type-post status-publish format-standard has-post-thumbnail hentry category-blog-it\">\n\t\t\t\t<div data-elementor-type=\"loop\" data-elementor-id=\"21033\" class=\"elementor elementor-21033 elementor-11270 post-21018 post type-post status-publish format-standard has-post-thumbnail hentry category-blog-it\" data-elementor-post-type=\"elementor_library\">\n\t\t\t\t\t<section class=\"elementor-section elementor-top-section elementor-element elementor-element-cf47c80 elementor-section-boxed elementor-section-height-default elementor-section-height-default\" data-id=\"cf47c80\" data-element_type=\"section\">\n\t\t\t\t\t\t<div class=\"elementor-container elementor-column-gap-default\">\n\t\t\t\t\t<div class=\"elementor-column elementor-col-100 elementor-top-column elementor-element elementor-element-5180287\" data-id=\"5180287\" data-element_type=\"column\">\n\t\t\t<div class=\"elementor-widget-wrap elementor-element-populated\">\n\t\t\t\t\t\t<div class=\"elementor-element elementor-element-fdf392f elementor-widget elementor-widget-image\" data-id=\"fdf392f\" data-element_type=\"widget\" data-widget_type=\"image.default\">\n\t\t\t\t<div class=\"elementor-widget-container\">\n\t\t\t\t\t\t\t\t\t\t\t\t\t\t<a href=\"https:\/\/www2.palaisannecy.com\/it\/il-lago-di-annecy-allorizzonte-grazie-ad-un-hotel-ben-posizionato\/\">\n\t\t\t\t\t\t\t<img loading=\"lazy\" decoding=\"async\" width=\"1200\" height=\"720\" src=\"https:\/\/www2.palaisannecy.com\/wp-content\/uploads\/blog\/le-lac-dannecy-a-lhorizon-grace-a-un-hotel-bien-situe.jpg\" class=\"attachment-full size-full wp-image-17686\" alt=\"H\u00f4tel Palais de l&#039;Isle Annecy - Le bar de notre h\u00f4tel proche du lac d\u2019Annecy\" srcset=\"https:\/\/www2.palaisannecy.com\/wp-content\/uploads\/blog\/le-lac-dannecy-a-lhorizon-grace-a-un-hotel-bien-situe.jpg 1200w, https:\/\/www2.palaisannecy.com\/wp-content\/uploads\/blog\/le-lac-dannecy-a-lhorizon-grace-a-un-hotel-bien-situe-300x180.jpg 300w, https:\/\/www2.palaisannecy.com\/wp-content\/uploads\/blog\/le-lac-dannecy-a-lhorizon-grace-a-un-hotel-bien-situe-1024x614.jpg 1024w, https:\/\/www2.palaisannecy.com\/wp-content\/uploads\/blog\/le-lac-dannecy-a-lhorizon-grace-a-un-hotel-bien-situe-768x461.jpg 768w\" sizes=\"(max-width: 1200px) 100vw, 1200px\" \/>\t\t\t\t\t\t\t\t<\/a>\n\t\t\t\t\t\t\t\t\t\t\t\t\t<\/div>\n\t\t\t\t<\/div>\n\t\t\t\t<div class=\"elementor-element elementor-element-30d370f elementor-widget elementor-widget-heading\" data-id=\"30d370f\" data-element_type=\"widget\" data-widget_type=\"heading.default\">\n\t\t\t\t<div class=\"elementor-widget-container\">\n\t\t\t<h3 class=\"elementor-heading-title elementor-size-default\"><a href=\"https:\/\/www2.palaisannecy.com\/it\/il-lago-di-annecy-allorizzonte-grazie-ad-un-hotel-ben-posizionato\/\">Il lago di Annecy all&#8217;orizzonte grazie ad un hotel ben posizionato<\/a><\/h3>\t\t<\/div>\n\t\t\t\t<\/div>\n\t\t\t\t<div class=\"elementor-element elementor-element-ccf822f elementor-widget elementor-widget-text-editor\" data-id=\"ccf822f\" data-element_type=\"widget\" data-widget_type=\"text-editor.default\">\n\t\t\t\t<div class=\"elementor-widget-container\">\n\t\t\t\t\t\t\tLa Venezia delle Alpi attende tutti i turisti alla ricerca di una destinazione eccezionale nel cuore della Savoia&#8230;\t\t\t\t\t\t<\/div>\n\t\t\t\t<\/div>\n\t\t\t\t<div class=\"elementor-element elementor-element-d21ced1 elementor-widget elementor-widget-button\" data-id=\"d21ced1\" data-element_type=\"widget\" data-widget_type=\"button.default\">\n\t\t\t\t<div class=\"elementor-widget-container\">\n\t\t\t\t\t<div class=\"elementor-button-wrapper\">\n\t\t\t<a class=\"elementor-button elementor-button-link elementor-size-sm\" href=\"https:\/\/www2.palaisannecy.com\/it\/il-lago-di-annecy-allorizzonte-grazie-ad-un-hotel-ben-posizionato\/\">\n\t\t\t\t\t\t<span class=\"elementor-button-content-wrapper\">\n\t\t\t\t\t\t<span class=\"elementor-button-icon elementor-align-icon-right\">\n\t\t\t\t<i aria-hidden=\"true\" class=\"icon icon-arrow-right\"><\/i>\t\t\t<\/span>\n\t\t\t\t\t\t\t\t\t<span class=\"elementor-button-text\">Saperne di pi\u00f9<\/span>\n\t\t\t\t\t<\/span>\n\t\t\t\t\t<\/a>\n\t\t<\/div>\n\t\t\t\t<\/div>\n\t\t\t\t<\/div>\n\t\t\t\t\t<\/div>\n\t\t<\/div>\n\t\t\t\t\t<\/div>\n\t\t<\/section>\n\t\t\t\t<\/div>\n\t\t\t\t<\/article>\n\t\t\t\t<article id=\"post-21012\" class=\"elementor-post elementor-grid-item ecs-post-loop post-21012 post type-post status-publish format-standard has-post-thumbnail hentry category-blog-it\">\n\t\t\t\t<div data-elementor-type=\"loop\" data-elementor-id=\"21033\" class=\"elementor elementor-21033 elementor-11270 post-21012 post type-post status-publish format-standard has-post-thumbnail hentry category-blog-it\" data-elementor-post-type=\"elementor_library\">\n\t\t\t\t\t<section class=\"elementor-section elementor-top-section elementor-element elementor-element-cf47c80 elementor-section-boxed elementor-section-height-default elementor-section-height-default\" data-id=\"cf47c80\" data-element_type=\"section\">\n\t\t\t\t\t\t<div class=\"elementor-container elementor-column-gap-default\">\n\t\t\t\t\t<div class=\"elementor-column elementor-col-100 elementor-top-column elementor-element elementor-element-5180287\" data-id=\"5180287\" data-element_type=\"column\">\n\t\t\t<div class=\"elementor-widget-wrap elementor-element-populated\">\n\t\t\t\t\t\t<div class=\"elementor-element elementor-element-fdf392f elementor-widget elementor-widget-image\" data-id=\"fdf392f\" data-element_type=\"widget\" data-widget_type=\"image.default\">\n\t\t\t\t<div class=\"elementor-widget-container\">\n\t\t\t\t\t\t\t\t\t\t\t\t\t\t<a href=\"https:\/\/www2.palaisannecy.com\/it\/un-hotel-eccezionale-a-due-passi-dal-lago-di-annecy\/\">\n\t\t\t\t\t\t\t<img loading=\"lazy\" decoding=\"async\" width=\"1200\" height=\"800\" src=\"https:\/\/www2.palaisannecy.com\/wp-content\/uploads\/blog\/un-hotel-dexception-a-deux-pas-du-lac-dannecy.jpg\" class=\"attachment-full size-full wp-image-18028\" alt=\"Un h\u00f4tel d\u2019exception \u00e0 deux pas du lac d\u2019Annecy\" srcset=\"https:\/\/www2.palaisannecy.com\/wp-content\/uploads\/blog\/un-hotel-dexception-a-deux-pas-du-lac-dannecy.jpg 1200w, https:\/\/www2.palaisannecy.com\/wp-content\/uploads\/blog\/un-hotel-dexception-a-deux-pas-du-lac-dannecy-300x200.jpg 300w, https:\/\/www2.palaisannecy.com\/wp-content\/uploads\/blog\/un-hotel-dexception-a-deux-pas-du-lac-dannecy-1024x683.jpg 1024w, https:\/\/www2.palaisannecy.com\/wp-content\/uploads\/blog\/un-hotel-dexception-a-deux-pas-du-lac-dannecy-768x512.jpg 768w\" sizes=\"(max-width: 1200px) 100vw, 1200px\" \/>\t\t\t\t\t\t\t\t<\/a>\n\t\t\t\t\t\t\t\t\t\t\t\t\t<\/div>\n\t\t\t\t<\/div>\n\t\t\t\t<div class=\"elementor-element elementor-element-30d370f elementor-widget elementor-widget-heading\" data-id=\"30d370f\" data-element_type=\"widget\" data-widget_type=\"heading.default\">\n\t\t\t\t<div class=\"elementor-widget-container\">\n\t\t\t<h3 class=\"elementor-heading-title elementor-size-default\"><a href=\"https:\/\/www2.palaisannecy.com\/it\/un-hotel-eccezionale-a-due-passi-dal-lago-di-annecy\/\">Un hotel eccezionale a due passi dal lago di Annecy<\/a><\/h3>\t\t<\/div>\n\t\t\t\t<\/div>\n\t\t\t\t<div class=\"elementor-element elementor-element-ccf822f elementor-widget elementor-widget-text-editor\" data-id=\"ccf822f\" data-element_type=\"widget\" data-widget_type=\"text-editor.default\">\n\t\t\t\t<div class=\"elementor-widget-container\">\n\t\t\t\t\t\t\tNella Venezia delle Alpi, l&#8217;attrazione principale rimane il Lago di Annecy. La sua bellezza affascina ogni anno&#8230;\t\t\t\t\t\t<\/div>\n\t\t\t\t<\/div>\n\t\t\t\t<div class=\"elementor-element elementor-element-d21ced1 elementor-widget elementor-widget-button\" data-id=\"d21ced1\" data-element_type=\"widget\" data-widget_type=\"button.default\">\n\t\t\t\t<div class=\"elementor-widget-container\">\n\t\t\t\t\t<div class=\"elementor-button-wrapper\">\n\t\t\t<a class=\"elementor-button elementor-button-link elementor-size-sm\" href=\"https:\/\/www2.palaisannecy.com\/it\/un-hotel-eccezionale-a-due-passi-dal-lago-di-annecy\/\">\n\t\t\t\t\t\t<span class=\"elementor-button-content-wrapper\">\n\t\t\t\t\t\t<span class=\"elementor-button-icon elementor-align-icon-right\">\n\t\t\t\t<i aria-hidden=\"true\" class=\"icon icon-arrow-right\"><\/i>\t\t\t<\/span>\n\t\t\t\t\t\t\t\t\t<span class=\"elementor-button-text\">Saperne di pi\u00f9<\/span>\n\t\t\t\t\t<\/span>\n\t\t\t\t\t<\/a>\n\t\t<\/div>\n\t\t\t\t<\/div>\n\t\t\t\t<\/div>\n\t\t\t\t\t<\/div>\n\t\t<\/div>\n\t\t\t\t\t<\/div>\n\t\t<\/section>\n\t\t\t\t<\/div>\n\t\t\t\t<\/article>\n\t\t\t\t<\/div>\n\t\t\t\t<\/div>\n\t\t\t\t<\/div>\n\t\t\t\t\t<\/div>\n\t\t<\/div>\n\t\t\t\t\t<\/div>\n\t\t<\/section>\n\t\t\t\t<\/div>\n\t\t","protected":false},"excerpt":{"rendered":"","protected":false},"author":5,"featured_media":0,"parent":0,"menu_order":0,"comment_status":"closed","ping_status":"closed","template":"","meta":{"_acf_changed":false,"footnotes":""},"class_list":["post-20992","page","type-page","status-publish","hentry"],"acf":[],"_links":{"self":[{"href":"https:\/\/www2.palaisannecy.com\/it\/wp-json\/wp\/v2\/pages\/20992","targetHints":{"allow":["GET"]}}],"collection":[{"href":"https:\/\/www2.palaisannecy.com\/it\/wp-json\/wp\/v2\/pages"}],"about":[{"href":"https:\/\/www2.palaisannecy.com\/it\/wp-json\/wp\/v2\/types\/page"}],"author":[{"embeddable":true,"href":"https:\/\/www2.palaisannecy.com\/it\/wp-json\/wp\/v2\/users\/5"}],"replies":[{"embeddable":true,"href":"https:\/\/www2.palaisannecy.com\/it\/wp-json\/wp\/v2\/comments?post=20992"}],"version-history":[{"count":10,"href":"https:\/\/www2.palaisannecy.com\/it\/wp-json\/wp\/v2\/pages\/20992\/revisions"}],"predecessor-version":[{"id":22448,"href":"https:\/\/www2.palaisannecy.com\/it\/wp-json\/wp\/v2\/pages\/20992\/revisions\/22448"}],"wp:attachment":[{"href":"https:\/\/www2.palaisannecy.com\/it\/wp-json\/wp\/v2\/media?parent=20992"}],"curies":[{"name":"wp","href":"https:\/\/api.w.org\/{rel}","templated":true}]}}