{"id":1994,"date":"2021-10-29T14:07:11","date_gmt":"2021-10-29T12:07:11","guid":{"rendered":"https:\/\/www2.hotel-aria.fr\/?page_id=1994"},"modified":"2024-03-01T10:43:45","modified_gmt":"2024-03-01T09:43:45","slug":"tourisme","status":"publish","type":"page","link":"https:\/\/www2.palaisannecy.com\/fr\/tourisme\/","title":{"rendered":"Tourisme"},"content":{"rendered":"\t\t<div data-elementor-type=\"wp-page\" data-elementor-id=\"1994\" class=\"elementor elementor-1994\" data-elementor-post-type=\"page\">\n\t\t\t\t\t\t<section data-dce-background-overlay-color=\"#000000\" data-dce-background-image-url=\"https:\/\/www2.palaisannecy.com\/wp-content\/uploads\/banners\/isle_annecy_45_premium_2_min-1679x500-1.jpg\" class=\"elementor-section elementor-top-section elementor-element elementor-element-56649a1 elementor-section-height-min-height elementor-section-boxed elementor-section-height-default elementor-section-items-middle\" data-id=\"56649a1\" data-element_type=\"section\" data-settings=\"{&quot;background_background&quot;:&quot;classic&quot;}\">\n\t\t\t\t\t\t\t<div class=\" elementor-background-overlay lazyelementorbackgroundimages \"><\/div>\n\t\t\t\t\t\t\t<div class=\"elementor-container elementor-column-gap-default\">\n\t\t\t\t\t<div class=\"elementor-column elementor-col-100 elementor-top-column elementor-element elementor-element-8ac1b6b\" data-id=\"8ac1b6b\" data-element_type=\"column\">\n\t\t\t<div class=\"elementor-widget-wrap elementor-element-populated\">\n\t\t\t\t\t\t\t<\/div>\n\t\t<\/div>\n\t\t\t\t\t<\/div>\n\t\t<\/section>\n\t\t\t\t<section class=\"elementor-section elementor-top-section elementor-element elementor-element-fa707c4 elementor-section-full_width elementor-section-height-default elementor-section-height-default\" data-id=\"fa707c4\" data-element_type=\"section\">\n\t\t\t\t\t\t<div class=\"elementor-container elementor-column-gap-default\">\n\t\t\t\t\t<div class=\"elementor-column elementor-col-100 elementor-top-column elementor-element elementor-element-a95ea4d\" data-id=\"a95ea4d\" data-element_type=\"column\">\n\t\t\t<div class=\"elementor-widget-wrap elementor-element-populated\">\n\t\t\t\t\t\t<div class=\"elementor-element elementor-element-e0633d9 elementor-widget elementor-widget-text-editor\" data-id=\"e0633d9\" data-element_type=\"widget\" data-widget_type=\"text-editor.default\">\n\t\t\t\t<div class=\"elementor-widget-container\">\n\t\t\t<style>\/*! elementor - v3.21.0 - 18-04-2024 *\/\n.elementor-widget-text-editor.elementor-drop-cap-view-stacked .elementor-drop-cap{background-color:#69727d;color:#fff}.elementor-widget-text-editor.elementor-drop-cap-view-framed .elementor-drop-cap{color:#69727d;border:3px solid;background-color:transparent}.elementor-widget-text-editor:not(.elementor-drop-cap-view-default) .elementor-drop-cap{margin-top:8px}.elementor-widget-text-editor:not(.elementor-drop-cap-view-default) .elementor-drop-cap-letter{width:1em;height:1em}.elementor-widget-text-editor .elementor-drop-cap{float:left;text-align:center;line-height:1;font-size:50px}.elementor-widget-text-editor .elementor-drop-cap-letter{display:inline-block}<\/style>\t\t\t\t<p>De nombreuses activit\u00e9s sont disponibles \u00e0 Annecy. L\u2019h\u00f4tel Palais de l\u2019isle sera le point de d\u00e9part id\u00e9al. Nos \u00e9quipes sont \u00e0 votre disposition pour vous conseiller!<\/p>\t\t\t\t\t\t<\/div>\n\t\t\t\t<\/div>\n\t\t\t\t<section class=\"elementor-section elementor-inner-section elementor-element elementor-element-80edb30 elementor-section-full_width elementor-section-height-default elementor-section-height-default\" data-id=\"80edb30\" data-element_type=\"section\">\n\t\t\t\t\t\t<div class=\"elementor-container elementor-column-gap-default\">\n\t\t\t\t\t<div class=\"elementor-column elementor-col-50 elementor-inner-column elementor-element elementor-element-ee5fbb8\" data-id=\"ee5fbb8\" data-element_type=\"column\">\n\t\t\t<div class=\"elementor-widget-wrap elementor-element-populated\">\n\t\t\t\t\t\t<div class=\"elementor-element elementor-element-54f71f3 elementor-widget elementor-widget-heading\" data-id=\"54f71f3\" data-element_type=\"widget\" data-widget_type=\"heading.default\">\n\t\t\t\t<div class=\"elementor-widget-container\">\n\t\t\t<style>\/*! elementor - v3.21.0 - 18-04-2024 *\/\n.elementor-heading-title{padding:0;margin:0;line-height:1}.elementor-widget-heading .elementor-heading-title[class*=elementor-size-]>a{color:inherit;font-size:inherit;line-height:inherit}.elementor-widget-heading .elementor-heading-title.elementor-size-small{font-size:15px}.elementor-widget-heading .elementor-heading-title.elementor-size-medium{font-size:19px}.elementor-widget-heading .elementor-heading-title.elementor-size-large{font-size:29px}.elementor-widget-heading .elementor-heading-title.elementor-size-xl{font-size:39px}.elementor-widget-heading .elementor-heading-title.elementor-size-xxl{font-size:59px}<\/style><h2 class=\"elementor-heading-title elementor-size-default\">Balades et visites<\/h2>\t\t<\/div>\n\t\t\t\t<\/div>\n\t\t\t\t<div class=\"elementor-element elementor-element-bbd3a24 elementor-widget-divider--view-line elementor-widget elementor-widget-divider\" data-id=\"bbd3a24\" data-element_type=\"widget\" data-widget_type=\"divider.default\">\n\t\t\t\t<div class=\"elementor-widget-container\">\n\t\t\t<style>\/*! elementor - v3.21.0 - 18-04-2024 *\/\n.elementor-widget-divider{--divider-border-style:none;--divider-border-width:1px;--divider-color:#0c0d0e;--divider-icon-size:20px;--divider-element-spacing:10px;--divider-pattern-height:24px;--divider-pattern-size:20px;--divider-pattern-url:none;--divider-pattern-repeat:repeat-x}.elementor-widget-divider .elementor-divider{display:flex}.elementor-widget-divider .elementor-divider__text{font-size:15px;line-height:1;max-width:95%}.elementor-widget-divider .elementor-divider__element{margin:0 var(--divider-element-spacing);flex-shrink:0}.elementor-widget-divider .elementor-icon{font-size:var(--divider-icon-size)}.elementor-widget-divider .elementor-divider-separator{display:flex;margin:0;direction:ltr}.elementor-widget-divider--view-line_icon .elementor-divider-separator,.elementor-widget-divider--view-line_text .elementor-divider-separator{align-items:center}.elementor-widget-divider--view-line_icon .elementor-divider-separator:after,.elementor-widget-divider--view-line_icon .elementor-divider-separator:before,.elementor-widget-divider--view-line_text .elementor-divider-separator:after,.elementor-widget-divider--view-line_text .elementor-divider-separator:before{display:block;content:\"\";border-block-end:0;flex-grow:1;border-block-start:var(--divider-border-width) var(--divider-border-style) var(--divider-color)}.elementor-widget-divider--element-align-left .elementor-divider .elementor-divider-separator>.elementor-divider__svg:first-of-type{flex-grow:0;flex-shrink:100}.elementor-widget-divider--element-align-left .elementor-divider-separator:before{content:none}.elementor-widget-divider--element-align-left .elementor-divider__element{margin-left:0}.elementor-widget-divider--element-align-right .elementor-divider .elementor-divider-separator>.elementor-divider__svg:last-of-type{flex-grow:0;flex-shrink:100}.elementor-widget-divider--element-align-right .elementor-divider-separator:after{content:none}.elementor-widget-divider--element-align-right .elementor-divider__element{margin-right:0}.elementor-widget-divider--element-align-start .elementor-divider .elementor-divider-separator>.elementor-divider__svg:first-of-type{flex-grow:0;flex-shrink:100}.elementor-widget-divider--element-align-start .elementor-divider-separator:before{content:none}.elementor-widget-divider--element-align-start .elementor-divider__element{margin-inline-start:0}.elementor-widget-divider--element-align-end .elementor-divider .elementor-divider-separator>.elementor-divider__svg:last-of-type{flex-grow:0;flex-shrink:100}.elementor-widget-divider--element-align-end .elementor-divider-separator:after{content:none}.elementor-widget-divider--element-align-end .elementor-divider__element{margin-inline-end:0}.elementor-widget-divider:not(.elementor-widget-divider--view-line_text):not(.elementor-widget-divider--view-line_icon) .elementor-divider-separator{border-block-start:var(--divider-border-width) var(--divider-border-style) var(--divider-color)}.elementor-widget-divider--separator-type-pattern{--divider-border-style:none}.elementor-widget-divider--separator-type-pattern.elementor-widget-divider--view-line .elementor-divider-separator,.elementor-widget-divider--separator-type-pattern:not(.elementor-widget-divider--view-line) .elementor-divider-separator:after,.elementor-widget-divider--separator-type-pattern:not(.elementor-widget-divider--view-line) .elementor-divider-separator:before,.elementor-widget-divider--separator-type-pattern:not([class*=elementor-widget-divider--view]) .elementor-divider-separator{width:100%;min-height:var(--divider-pattern-height);-webkit-mask-size:var(--divider-pattern-size) 100%;mask-size:var(--divider-pattern-size) 100%;-webkit-mask-repeat:var(--divider-pattern-repeat);mask-repeat:var(--divider-pattern-repeat);background-color:var(--divider-color);-webkit-mask-image:var(--divider-pattern-url);mask-image:var(--divider-pattern-url)}.elementor-widget-divider--no-spacing{--divider-pattern-size:auto}.elementor-widget-divider--bg-round{--divider-pattern-repeat:round}.rtl .elementor-widget-divider .elementor-divider__text{direction:rtl}.e-con-inner>.elementor-widget-divider,.e-con>.elementor-widget-divider{width:var(--container-widget-width,100%);--flex-grow:var(--container-widget-flex-grow)}<\/style>\t\t<div class=\"elementor-divider\">\n\t\t\t<span class=\"elementor-divider-separator\">\n\t\t\t\t\t\t<\/span>\n\t\t<\/div>\n\t\t\t\t<\/div>\n\t\t\t\t<\/div>\n\t\t\t\t<div class=\"elementor-element elementor-element-06e29bd elementor-widget elementor-widget-text-editor\" data-id=\"06e29bd\" data-element_type=\"widget\" data-widget_type=\"text-editor.default\">\n\t\t\t\t<div class=\"elementor-widget-container\">\n\t\t\t\t\t\t\t<ul><li>Le lac d\u2019Annecy<\/li><li>Les jardins de l\u2019Europe<\/li><li>Le bord du lac<\/li><li>Le pont des amours<\/li><li>Les vieux canaux<\/li><li>La vieille ville d\u2019Annecy<\/li><li>Les vieilles prisons<\/li><li><span style=\"color: #466777;\"><a style=\"color: #466777;\" href=\"http:\/\/musees.annecy.fr\/Musee-Chateau\">Le Ch\u00e2teau d\u2019Annecy<\/a><\/span><\/li><\/ul>\t\t\t\t\t\t<\/div>\n\t\t\t\t<\/div>\n\t\t\t\t\t<\/div>\n\t\t<\/div>\n\t\t\t\t<div class=\"elementor-column elementor-col-50 elementor-inner-column elementor-element elementor-element-586c8a8\" data-id=\"586c8a8\" data-element_type=\"column\">\n\t\t\t<div class=\"elementor-widget-wrap elementor-element-populated\">\n\t\t\t\t\t\t<div class=\"elementor-element elementor-element-0b4cb89 elementor-widget elementor-widget-image\" data-id=\"0b4cb89\" data-element_type=\"widget\" data-widget_type=\"image.default\">\n\t\t\t\t<div class=\"elementor-widget-container\">\n\t\t\t<style>\/*! elementor - v3.21.0 - 18-04-2024 *\/\n.elementor-widget-image{text-align:center}.elementor-widget-image a{display:inline-block}.elementor-widget-image a img[src$=\".svg\"]{width:48px}.elementor-widget-image img{vertical-align:middle;display:inline-block}<\/style>\t\t\t\t\t\t\t\t\t\t<img fetchpriority=\"high\" decoding=\"async\" width=\"800\" height=\"534\" src=\"https:\/\/www2.palaisannecy.com\/wp-content\/uploads\/tourisme\/palais-de-lisle-annecy-balade-et-visite-1024x683.jpg\" class=\"attachment-large size-large wp-image-18036\" alt=\"H\u00f4tel Palais de l&#039;Isle Annecy - Balade et Visite\" srcset=\"https:\/\/www2.palaisannecy.com\/wp-content\/uploads\/tourisme\/palais-de-lisle-annecy-balade-et-visite-1024x683.jpg 1024w, https:\/\/www2.palaisannecy.com\/wp-content\/uploads\/tourisme\/palais-de-lisle-annecy-balade-et-visite-300x200.jpg 300w, https:\/\/www2.palaisannecy.com\/wp-content\/uploads\/tourisme\/palais-de-lisle-annecy-balade-et-visite-768x512.jpg 768w, https:\/\/www2.palaisannecy.com\/wp-content\/uploads\/tourisme\/palais-de-lisle-annecy-balade-et-visite.jpg 1200w\" sizes=\"(max-width: 800px) 100vw, 800px\" \/>\t\t\t\t\t\t\t\t\t\t\t\t\t<\/div>\n\t\t\t\t<\/div>\n\t\t\t\t\t<\/div>\n\t\t<\/div>\n\t\t\t\t\t<\/div>\n\t\t<\/section>\n\t\t\t\t<section class=\"elementor-section elementor-inner-section elementor-element elementor-element-37e092b elementor-section-full_width elementor-reverse-mobile elementor-section-height-default elementor-section-height-default\" data-id=\"37e092b\" data-element_type=\"section\">\n\t\t\t\t\t\t<div class=\"elementor-container elementor-column-gap-default\">\n\t\t\t\t\t<div class=\"elementor-column elementor-col-50 elementor-inner-column elementor-element elementor-element-b42a1c6\" data-id=\"b42a1c6\" data-element_type=\"column\">\n\t\t\t<div class=\"elementor-widget-wrap elementor-element-populated\">\n\t\t\t\t\t\t<div class=\"elementor-element elementor-element-eaf7556 elementor-widget elementor-widget-image\" data-id=\"eaf7556\" data-element_type=\"widget\" data-widget_type=\"image.default\">\n\t\t\t\t<div class=\"elementor-widget-container\">\n\t\t\t\t\t\t\t\t\t\t\t\t\t<img decoding=\"async\" width=\"800\" height=\"533\" src=\"https:\/\/www2.palaisannecy.com\/wp-content\/uploads\/tourisme\/palais-de-lisle-annecy-activites-1024x682.jpg\" class=\"attachment-large size-large wp-image-18039\" alt=\"H\u00f4tel Palais de l&#039;Isle Annecy - Balade et Visite\" srcset=\"https:\/\/www2.palaisannecy.com\/wp-content\/uploads\/tourisme\/palais-de-lisle-annecy-activites-1024x682.jpg 1024w, https:\/\/www2.palaisannecy.com\/wp-content\/uploads\/tourisme\/palais-de-lisle-annecy-activites-300x200.jpg 300w, https:\/\/www2.palaisannecy.com\/wp-content\/uploads\/tourisme\/palais-de-lisle-annecy-activites-768x512.jpg 768w, https:\/\/www2.palaisannecy.com\/wp-content\/uploads\/tourisme\/palais-de-lisle-annecy-activites-1536x1024.jpg 1536w, https:\/\/www2.palaisannecy.com\/wp-content\/uploads\/tourisme\/palais-de-lisle-annecy-activites.jpg 2000w\" sizes=\"(max-width: 800px) 100vw, 800px\" \/>\t\t\t\t\t\t\t\t\t\t\t\t\t<\/div>\n\t\t\t\t<\/div>\n\t\t\t\t\t<\/div>\n\t\t<\/div>\n\t\t\t\t<div class=\"elementor-column elementor-col-50 elementor-inner-column elementor-element elementor-element-26136b5\" data-id=\"26136b5\" data-element_type=\"column\">\n\t\t\t<div class=\"elementor-widget-wrap elementor-element-populated\">\n\t\t\t\t\t\t<div class=\"elementor-element elementor-element-fc00a9d elementor-widget elementor-widget-heading\" data-id=\"fc00a9d\" data-element_type=\"widget\" data-widget_type=\"heading.default\">\n\t\t\t\t<div class=\"elementor-widget-container\">\n\t\t\t<h2 class=\"elementor-heading-title elementor-size-default\">Activit\u00e9s<\/h2>\t\t<\/div>\n\t\t\t\t<\/div>\n\t\t\t\t<div class=\"elementor-element elementor-element-6f6b816 elementor-widget-divider--view-line elementor-widget elementor-widget-divider\" data-id=\"6f6b816\" data-element_type=\"widget\" data-widget_type=\"divider.default\">\n\t\t\t\t<div class=\"elementor-widget-container\">\n\t\t\t\t\t<div class=\"elementor-divider\">\n\t\t\t<span class=\"elementor-divider-separator\">\n\t\t\t\t\t\t<\/span>\n\t\t<\/div>\n\t\t\t\t<\/div>\n\t\t\t\t<\/div>\n\t\t\t\t<div class=\"elementor-element elementor-element-ee8e20f elementor-widget elementor-widget-text-editor\" data-id=\"ee8e20f\" data-element_type=\"widget\" data-widget_type=\"text-editor.default\">\n\t\t\t\t<div class=\"elementor-widget-container\">\n\t\t\t\t\t\t\t<ul><li>La baignade au lac d\u2019Annecy<\/li><li>Le v\u00e9lo autour du lac d\u2019Annecy<\/li><li>La randonn\u00e9e l\u2019\u00e9t\u00e9 : le Mont-Baron, la Tournette ou le sommet du Semnoz<\/li><li>Les activit\u00e9s hivernales: la luge, le ski et les raquettes<\/li><li>La r\u00e9serve naturelle du bout du lac<\/li><li>Les croisi\u00e8res propos\u00e9es par la compagnie des bateaux<\/li><li>Les activit\u00e9s nautiques : p\u00e9dalo, voile, ski nautique, plong\u00e9e, cano\u00eb<\/li><\/ul>\t\t\t\t\t\t<\/div>\n\t\t\t\t<\/div>\n\t\t\t\t\t<\/div>\n\t\t<\/div>\n\t\t\t\t\t<\/div>\n\t\t<\/section>\n\t\t\t\t<section class=\"elementor-section elementor-inner-section elementor-element elementor-element-67a3bda elementor-section-full_width elementor-section-height-default elementor-section-height-default\" data-id=\"67a3bda\" data-element_type=\"section\">\n\t\t\t\t\t\t<div class=\"elementor-container elementor-column-gap-default\">\n\t\t\t\t\t<div class=\"elementor-column elementor-col-50 elementor-inner-column elementor-element elementor-element-4ef81cf\" data-id=\"4ef81cf\" data-element_type=\"column\">\n\t\t\t<div class=\"elementor-widget-wrap elementor-element-populated\">\n\t\t\t\t\t\t<div class=\"elementor-element elementor-element-947d000 elementor-widget elementor-widget-heading\" data-id=\"947d000\" data-element_type=\"widget\" data-widget_type=\"heading.default\">\n\t\t\t\t<div class=\"elementor-widget-container\">\n\t\t\t<h2 class=\"elementor-heading-title elementor-size-default\">Ev\u00e8nements incontournables<\/h2>\t\t<\/div>\n\t\t\t\t<\/div>\n\t\t\t\t<div class=\"elementor-element elementor-element-fb7d984 elementor-widget-divider--view-line elementor-widget elementor-widget-divider\" data-id=\"fb7d984\" data-element_type=\"widget\" data-widget_type=\"divider.default\">\n\t\t\t\t<div class=\"elementor-widget-container\">\n\t\t\t\t\t<div class=\"elementor-divider\">\n\t\t\t<span class=\"elementor-divider-separator\">\n\t\t\t\t\t\t<\/span>\n\t\t<\/div>\n\t\t\t\t<\/div>\n\t\t\t\t<\/div>\n\t\t\t\t<div class=\"elementor-element elementor-element-6f82100 elementor-widget elementor-widget-text-editor\" data-id=\"6f82100\" data-element_type=\"widget\" data-widget_type=\"text-editor.default\">\n\t\t\t\t<div class=\"elementor-widget-container\">\n\t\t\t\t\t\t\t<ul><li style=\"text-align: left;\">Le carnaval v\u00e9nitien (f\u00e9vrier \u2013 mars \u00e0 Annecy)<\/li><li style=\"text-align: left;\">Le marathon d\u2019Annecy (avril)<\/li><li style=\"text-align: left;\">Le salon de la BD (mai)<\/li><li style=\"text-align: left;\">La technica maxi race (mai, au lac d\u2019Annecy)<\/li><li style=\"text-align: left;\">Les Pontons flingueurs (juin au lac d\u2019Annecy)<\/li><li style=\"text-align: left;\">Le festival du film d\u2019animation et la diffusion de films sur \u00e9cran g\u00e9ant (gratuit \u2013 juin)<\/li><li style=\"text-align: left;\">La f\u00eate du lac (payant) au mois d\u2019ao\u00fbt avec un spectacle pyrotechnique<\/li><li style=\"text-align: left;\">Annecy classic festival (fin ao\u00fbt)<\/li><li style=\"text-align: left;\">La descente des Alpages (d\u00e9but octobre)<\/li><li style=\"text-align: left;\">Le No\u00ebl des Alpes (d\u00e9cembre)<\/li><\/ul>\t\t\t\t\t\t<\/div>\n\t\t\t\t<\/div>\n\t\t\t\t\t<\/div>\n\t\t<\/div>\n\t\t\t\t<div class=\"elementor-column elementor-col-50 elementor-inner-column elementor-element elementor-element-ecba3d5\" data-id=\"ecba3d5\" data-element_type=\"column\">\n\t\t\t<div class=\"elementor-widget-wrap elementor-element-populated\">\n\t\t\t\t\t\t<div class=\"elementor-element elementor-element-dd4b0ca elementor-widget elementor-widget-image\" data-id=\"dd4b0ca\" data-element_type=\"widget\" data-widget_type=\"image.default\">\n\t\t\t\t<div class=\"elementor-widget-container\">\n\t\t\t\t\t\t\t\t\t\t\t\t\t<img decoding=\"async\" width=\"800\" height=\"536\" src=\"https:\/\/www2.palaisannecy.com\/wp-content\/uploads\/tourisme\/palais-de-lisle-annecy-evenements-incontournables.jpg\" class=\"attachment-large size-large wp-image-18042\" alt=\"H\u00f4tel Palais de l&#039;Isle Annecy - Ev\u00e8nements incontournables\" srcset=\"https:\/\/www2.palaisannecy.com\/wp-content\/uploads\/tourisme\/palais-de-lisle-annecy-evenements-incontournables.jpg 929w, https:\/\/www2.palaisannecy.com\/wp-content\/uploads\/tourisme\/palais-de-lisle-annecy-evenements-incontournables-300x201.jpg 300w, https:\/\/www2.palaisannecy.com\/wp-content\/uploads\/tourisme\/palais-de-lisle-annecy-evenements-incontournables-768x514.jpg 768w\" sizes=\"(max-width: 800px) 100vw, 800px\" \/>\t\t\t\t\t\t\t\t\t\t\t\t\t<\/div>\n\t\t\t\t<\/div>\n\t\t\t\t\t<\/div>\n\t\t<\/div>\n\t\t\t\t\t<\/div>\n\t\t<\/section>\n\t\t\t\t\t<\/div>\n\t\t<\/div>\n\t\t\t\t\t<\/div>\n\t\t<\/section>\n\t\t\t\t<\/div>\n\t\t","protected":false},"excerpt":{"rendered":"<p>De nombreuses activit\u00e9s sont disponibles \u00e0 Annecy. L\u2019h\u00f4tel Palais de l\u2019isle sera le point de d\u00e9part id\u00e9al. Nos \u00e9quipes sont \u00e0 votre disposition pour vous conseiller! Balades et visites Le lac d\u2019Annecy Les jardins de l\u2019Europe Le bord du lac Le pont des amours Les vieux canaux La vieille ville d\u2019Annecy Les vieilles prisons Le [&hellip;]<\/p>\n","protected":false},"author":3,"featured_media":0,"parent":0,"menu_order":0,"comment_status":"closed","ping_status":"closed","template":"","meta":{"_acf_changed":false,"footnotes":""},"class_list":["post-1994","page","type-page","status-publish","hentry"],"acf":[],"_links":{"self":[{"href":"https:\/\/www2.palaisannecy.com\/fr\/wp-json\/wp\/v2\/pages\/1994","targetHints":{"allow":["GET"]}}],"collection":[{"href":"https:\/\/www2.palaisannecy.com\/fr\/wp-json\/wp\/v2\/pages"}],"about":[{"href":"https:\/\/www2.palaisannecy.com\/fr\/wp-json\/wp\/v2\/types\/page"}],"author":[{"embeddable":true,"href":"https:\/\/www2.palaisannecy.com\/fr\/wp-json\/wp\/v2\/users\/3"}],"replies":[{"embeddable":true,"href":"https:\/\/www2.palaisannecy.com\/fr\/wp-json\/wp\/v2\/comments?post=1994"}],"version-history":[{"count":35,"href":"https:\/\/www2.palaisannecy.com\/fr\/wp-json\/wp\/v2\/pages\/1994\/revisions"}],"predecessor-version":[{"id":22552,"href":"https:\/\/www2.palaisannecy.com\/fr\/wp-json\/wp\/v2\/pages\/1994\/revisions\/22552"}],"wp:attachment":[{"href":"https:\/\/www2.palaisannecy.com\/fr\/wp-json\/wp\/v2\/media?parent=1994"}],"curies":[{"name":"wp","href":"https:\/\/api.w.org\/{rel}","templated":true}]}}