{"id":4275,"date":"2019-06-21T09:18:07","date_gmt":"2019-06-21T07:18:07","guid":{"rendered":"https:\/\/abbatiales.test7.eu\/?post_type=chambre&#038;p=4275"},"modified":"2024-04-03T17:29:56","modified_gmt":"2024-04-03T15:29:56","slug":"chambre-simple","status":"publish","type":"chambre","link":"https:\/\/www2.palaisannecy.com\/fr\/chambre\/chambre-simple\/","title":{"rendered":"Chambre simple"},"content":{"rendered":"<h3>H\u00f4tel 3 \u00e9toiles Annecy<\/h3>\n<p>Les 2 <strong>chambres simples<\/strong> de n\u00f4tre <strong>h\u00f4tel 3 \u00e9toiles \u00e0 Annecy<\/strong> b\u00e9n\u00e9ficient de tout le confort n\u00e9cessaire pour un s\u00e9jour r\u00e9ussi au coeur de la ville.<br \/>\nD\u2019une superficie comprise entre 12 et 13m\u00b2, vous b\u00e9n\u00e9ficierez de lits de 120*200 ainsi qu\u2019une salle de bain privative avec douche.<\/p>\n<p>Moquette au sol pour un meilleur confort, double vitrage pour un s\u00e9jour au calme et air conditionn\u00e9 sauront parfaire votre s\u00e9jour.<br \/>\nVous retrouverez aussi un coffre fort, un plateau de courtoisie ainsi qu\u2019une t\u00e9l\u00e9vision et le wi-fi disponible gratuitement.<\/p>\n<p>L\u2019occupation maximum est de 1 personne.<\/p>\n<h3 style=\"font-size: 140%;\">Un h\u00f4tel 3 \u00e9toiles au coeur du centre ville d\u2019Annecy<\/h3>\n<p>Notre h\u00f4tel sera parfait pour tout type de s\u00e9jour, que vous soyez en vacances ou en s\u00e9jour pour le travail. Sa localisation id\u00e9ale vous permettra de vous rendre en seulement quelques minutes \u00e0 pied \u00e0 diff\u00e9rents endroits cl\u00e9s : Le lac, les ruelles du centre ville et le ch\u00e2teau m\u00e9di\u00e9val.<\/p>\n<p>Nos \u00e9quipes seront \u00e0 votre \u00e9coute pour toute demande ou question durant votre s\u00e9jour.<\/p>\n<ul>\n<li>Plateau de courtoisie avec bouilloire<\/li>\n<li>Wifi gratuit<\/li>\n<li>Petit-d\u00e9jeuner buffet<\/li>\n<li>Parking disponible sur demande<\/li>\n<li>Produits \u00e9colabellis\u00e9s<\/li>\n<\/ul>\n","protected":false},"excerpt":{"rendered":"<p>H\u00f4tel 3 \u00e9toiles Annecy Les 2 chambres simples de n\u00f4tre h\u00f4tel&#8230;<\/p>\n","protected":false},"featured_media":17693,"template":"","meta":{"_acf_changed":false},"categories":[],"class_list":["post-4275","chambre","type-chambre","status-publish","has-post-thumbnail","hentry"],"acf":[],"_links":{"self":[{"href":"https:\/\/www2.palaisannecy.com\/fr\/wp-json\/wp\/v2\/chambre\/4275","targetHints":{"allow":["GET"]}}],"collection":[{"href":"https:\/\/www2.palaisannecy.com\/fr\/wp-json\/wp\/v2\/chambre"}],"about":[{"href":"https:\/\/www2.palaisannecy.com\/fr\/wp-json\/wp\/v2\/types\/chambre"}],"wp:featuredmedia":[{"embeddable":true,"href":"https:\/\/www2.palaisannecy.com\/fr\/wp-json\/wp\/v2\/media\/17693"}],"wp:attachment":[{"href":"https:\/\/www2.palaisannecy.com\/fr\/wp-json\/wp\/v2\/media?parent=4275"}],"wp:term":[{"taxonomy":"category","embeddable":true,"href":"https:\/\/www2.palaisannecy.com\/fr\/wp-json\/wp\/v2\/categories?post=4275"}],"curies":[{"name":"wp","href":"https:\/\/api.w.org\/{rel}","templated":true}]}}