{"id":13796,"date":"2019-06-21T10:15:41","date_gmt":"2019-06-21T08:15:41","guid":{"rendered":"https:\/\/www2.palaisannecy.com\/?post_type=chambre&#038;p=13796"},"modified":"2023-05-22T16:04:54","modified_gmt":"2023-05-22T14:04:54","slug":"suite-famille","status":"publish","type":"chambre","link":"https:\/\/www2.palaisannecy.com\/fr\/chambre\/suite-famille\/","title":{"rendered":"Suite famille"},"content":{"rendered":"<p>Notre Suite Familiale de 28m2 est \u00e9quip\u00e9e d&#8217;un lit escamotable de 140&#215;200 cm et d&#8217;un canap\u00e9 lit de 160&#215;190 cm, d&#8217;une salle de bain privative avec douche, d&#8217;un TV \u00e9cran plat, d&#8217;un coffre, d&#8217;un minibar et de l&#8217;air-conditionn\u00e9.<br \/>\nCette toute nouvelle chambre cr\u00e9\u00e9e lors de notre r\u00e9novation en 2019 vous s\u00e9duira par le charme de ses pierres apparentes dues \u00e0 notre b\u00e2tisse du 18e si\u00e8cle, la d\u00e9coration moderne sur le th\u00e8me &#8220;Lac &amp; Montagne&#8221; sa luminosit\u00e9 et son volume atypique.<br \/>\nElle donne sur la rue Perri\u00e8re, rue pi\u00e9tonne au c\u0153ur sur centre historique.<\/p>\n<h3 style=\"font-size: 140%;\">Un h\u00f4tel familial \u00e0 Annecy<\/h3>\n<p>L\u2019h\u00f4tel du Palais de L\u2019Isle est id\u00e9alement plac\u00e9 au c\u0153ur de la ville d\u2019Annecy.<br \/>\nUn cadre raffin\u00e9, un environnement pr\u00e9serv\u00e9, un quartier pi\u00e9tonnier o\u00f9 il fait bon fl\u00e2ner. Voici le d\u00e9cor r\u00eav\u00e9 pour vivre un moment privil\u00e9gi\u00e9.<br \/>\nNos \u00e9quipes seront \u00e0 votre \u00e9coute pour toute demande ou question durant votre s\u00e9jour. N\u2019h\u00e9sitez pas \u00e0 nous solliciter\u202f!<\/p>\n<ul>\n<li>Plateau de courtoisie avec Bouilloire<\/li>\n<li>Produits \u00e9co-lab\u00e9lis\u00e9s<\/li>\n<li>Wifi gratuit<\/li>\n<li>Parking public de nuit offert de 19h \u00e0 8h<\/li>\n<\/ul>\n<p>&nbsp;<\/p>\n","protected":false},"excerpt":{"rendered":"<p>D\u00e9couvrez nos chambres familles \u00e0 Annecy pour vos voyages \u00e0 plusieurs.<\/p>\n","protected":false},"featured_media":17919,"template":"","meta":{"_acf_changed":false},"categories":[],"class_list":["post-13796","chambre","type-chambre","status-publish","has-post-thumbnail","hentry"],"acf":[],"_links":{"self":[{"href":"https:\/\/www2.palaisannecy.com\/fr\/wp-json\/wp\/v2\/chambre\/13796","targetHints":{"allow":["GET"]}}],"collection":[{"href":"https:\/\/www2.palaisannecy.com\/fr\/wp-json\/wp\/v2\/chambre"}],"about":[{"href":"https:\/\/www2.palaisannecy.com\/fr\/wp-json\/wp\/v2\/types\/chambre"}],"wp:featuredmedia":[{"embeddable":true,"href":"https:\/\/www2.palaisannecy.com\/fr\/wp-json\/wp\/v2\/media\/17919"}],"wp:attachment":[{"href":"https:\/\/www2.palaisannecy.com\/fr\/wp-json\/wp\/v2\/media?parent=13796"}],"wp:term":[{"taxonomy":"category","embeddable":true,"href":"https:\/\/www2.palaisannecy.com\/fr\/wp-json\/wp\/v2\/categories?post=13796"}],"curies":[{"name":"wp","href":"https:\/\/api.w.org\/{rel}","templated":true}]}}